{"id":115,"date":"2022-07-06T09:53:43","date_gmt":"2022-07-06T07:53:43","guid":{"rendered":"http:\/\/93.7.96.10\/?page_id=115"},"modified":"2022-07-06T09:53:44","modified_gmt":"2022-07-06T07:53:44","slug":"passer-son-bac-au-lycee-pasteur","status":"publish","type":"page","link":"https:\/\/www.lycee-pasteur.fr\/?page_id=115","title":{"rendered":"Passer son bac au lyc\u00e9e Pasteur"},"content":{"rendered":"\n<figure class=\"wp-block-image alignright size-full is-style-rounded\"><img loading=\"lazy\" decoding=\"async\" width=\"360\" height=\"216\" src=\"http:\/\/93.7.96.10\/wp-content\/uploads\/2022\/07\/bacg.jpg\" alt=\"\" class=\"wp-image-116\" srcset=\"https:\/\/www.lycee-pasteur.fr\/wp-content\/uploads\/2022\/07\/bacg.jpg 360w, https:\/\/www.lycee-pasteur.fr\/wp-content\/uploads\/2022\/07\/bacg-300x180.jpg 300w\" sizes=\"auto, (max-width: 360px) 100vw, 360px\" \/><\/figure>\n\n\n\n<p>Le lyc\u00e9e offrira trois types d\u2019enseignements :<\/p>\n\n\n\n<p>&nbsp;Un large socle de culture commune, humaniste et scientifique, ouvert aux enjeux de l\u2019avenir.<\/p>\n\n\n\n<p>Des disciplines de sp\u00e9cialit\u00e9 choisies par l\u2019\u00e9l\u00e8ve et s\u2019accentuant entre la premi\u00e8re et la terminale <strong>(trois disciplines en classe de premi\u00e8re <\/strong>puis <strong>deux en terminale parmi les trois suivies en premi\u00e8re<\/strong>). Ces disciplines b\u00e9n\u00e9ficient d\u2019horaires significatifs permettant de proposer des programmes ambitieux et de donner du temps aux \u00e9l\u00e8ves pour les apprentissages. Des enseignements facultatifs permettront, en outre, \u00e0 l\u2019\u00e9l\u00e8ve de compl\u00e9ter son parcours. Des enseignements nouveaux permettront aux \u00e9l\u00e8ves de partager une culture scientifique, d\u2019apprendre \u00e0 coder et de comprendre les grands d\u00e9fis du monde contemporain.<\/p>\n\n\n\n<p>&nbsp;Un temps d\u2019aide \u00e0 l\u2019orientation tout au long du lyc\u00e9e pour pr\u00e9parer les choix de parcours et, \u00e0 terme, l\u2019entr\u00e9e dans l\u2019enseignement sup\u00e9rieur. Les \u00e9l\u00e8ves seront accompagn\u00e9s selon les horaires pr\u00e9vus dans le cadre des marges d\u2019autonomie des \u00e9tablissements (groupes \u00e0 effectifs r\u00e9duits, p\u00e9dagogie diff\u00e9renci\u00e9e, Mooc, etc.). Il n\u2019y aura plus de s\u00e9rie en voie g\u00e9n\u00e9rale mais des parcours choisis par chaque lyc\u00e9en en fonction de ses go\u00fbts et de ses ambitions<\/p>\n\n\n\n<p>La voie technologique conserve son organisation actuelle en s\u00e9ries. Des ajustements seront apport\u00e9s pour proposer un socle de culture commune articul\u00e9 avec les enseignements de sp\u00e9cialit\u00e9 et l\u2019aide \u00e0 l\u2019orientation.<\/p>\n","protected":false},"excerpt":{"rendered":"<p>Le lyc\u00e9e offrira trois types d\u2019enseignements : &nbsp;Un large socle de culture commune, humaniste et scientifique, ouvert aux enjeux de l\u2019avenir. Des disciplines de sp\u00e9cialit\u00e9 choisies par l\u2019\u00e9l\u00e8ve et s\u2019accentuant entre la premi\u00e8re et la terminale (trois disciplines en classe de premi\u00e8re puis deux en terminale parmi les trois suivies en premi\u00e8re). Ces disciplines b\u00e9n\u00e9ficient [&hellip;]<\/p>\n","protected":false},"author":1,"featured_media":0,"parent":0,"menu_order":0,"comment_status":"closed","ping_status":"closed","template":"","meta":{"footnotes":""},"class_list":["post-115","page","type-page","status-publish","hentry"],"blocksy_meta":[],"_links":{"self":[{"href":"https:\/\/www.lycee-pasteur.fr\/index.php?rest_route=\/wp\/v2\/pages\/115","targetHints":{"allow":["GET"]}}],"collection":[{"href":"https:\/\/www.lycee-pasteur.fr\/index.php?rest_route=\/wp\/v2\/pages"}],"about":[{"href":"https:\/\/www.lycee-pasteur.fr\/index.php?rest_route=\/wp\/v2\/types\/page"}],"author":[{"embeddable":true,"href":"https:\/\/www.lycee-pasteur.fr\/index.php?rest_route=\/wp\/v2\/users\/1"}],"replies":[{"embeddable":true,"href":"https:\/\/www.lycee-pasteur.fr\/index.php?rest_route=%2Fwp%2Fv2%2Fcomments&post=115"}],"version-history":[{"count":1,"href":"https:\/\/www.lycee-pasteur.fr\/index.php?rest_route=\/wp\/v2\/pages\/115\/revisions"}],"predecessor-version":[{"id":117,"href":"https:\/\/www.lycee-pasteur.fr\/index.php?rest_route=\/wp\/v2\/pages\/115\/revisions\/117"}],"wp:attachment":[{"href":"https:\/\/www.lycee-pasteur.fr\/index.php?rest_route=%2Fwp%2Fv2%2Fmedia&parent=115"}],"curies":[{"name":"wp","href":"https:\/\/api.w.org\/{rel}","templated":true}]}}